{"id":17,"date":"2016-02-22T16:29:57","date_gmt":"2016-02-22T16:29:57","guid":{"rendered":"http:\/\/naecke.de\/?page_id=17"},"modified":"2025-01-02T14:39:09","modified_gmt":"2025-01-02T14:39:09","slug":"lehre","status":"publish","type":"page","link":"https:\/\/naecke.de\/?page_id=17","title":{"rendered":"Lehre"},"content":{"rendered":"<h3><strong>Vorstellungen zur Lehrt\u00e4tigkeit und Lehrverzeichnis<\/strong><\/h3>\n<p>&nbsp;<\/p>\n<p>Die von mir vertretene universit\u00e4re Lehre ist neben der Vermittlung von theoretischem Wissen und der Erarbeitung neuer Wissensinhalte durch einen starken Bezug zur Lebens- und Arbeitspraxis gepr\u00e4gt. Ich sehe es f\u00fcr mich als pers\u00f6nliche Herausforderung an, Pro\u00adblembereiche so zu thematisieren und zu bearbeiten, dass sie f\u00fcr die Studierenden mit ei\u00adgenen Erfahrungen gef\u00fcllt und weitergef\u00fchrt werden k\u00f6nnen. Die regelm\u00e4\u00dfige au\u00dferuni\u00adversit\u00e4re Lehre dient mir als notwendiges Korrektiv der universit\u00e4ren Lehre in Bezug auf Praxisrelevanz, Verst\u00e4ndlichkeit und Anforderung an die Studierenden sowie zum Wis\u00adsenstransfer zwischen Universit\u00e4t und Praxis.<\/p>\n<p>Mit mehr als 120 Fortbildungsstunden im hochschuldidaktischen Bereich (Zertifikat Hochschullehre Bayern) verf\u00fcge ich \u00fcber eine Vielzahl verschiedenster Methoden der Wissensvermittlung, die sich sowohl auf klassischen Unterricht als auch auf den Bereich iLearning und blended learning erstrecken. Insbesondere letzter Bereich ist mehrfach von mir in Seminaren erfolgreich eingesetzt worden und stellt neben dem klassischen Unterricht vis-a-vis eine meiner bevorzugten Lehrmethoden dar.<\/p>\n<h3>Universit\u00e4re Lehre:<\/h3>\n<p>SS 1999\u00a0\u00a0\u00a0\u00a0\u00a0\u00a0\u00a0\u00a0\u00a0\u00a0 Seminar: \u00bbPsychologie des Internets\u00ab an der Freien Universit\u00e4t Berlin. Gemeinsam mit Dipl.-Psych. Claudia Orthmann.<\/p>\n<p>SS 2002\u00a0\u00a0\u00a0\u00a0\u00a0\u00a0\u00a0\u00a0\u00a0\u00a0 Seminar: \u00bbInterkulturelle Kompetenz\u00ab an der Friedrich-Alexander-Univer\u00adsit\u00e4t Erlangen-N\u00fcrnberg. Gemeinsam mit PD Dr. Shingo Shimada &amp; Dipl.-Soz. Britta Kalscheuer.<\/p>\n<p>WS 2006\/07\u00a0\u00a0\u00a0 Seminar: \u00bbZug\u00e4nge zum Menschen \u2013 Alttestamentliche Ph\u00e4nomene und ihre Wirkungsgeschichte: <em>Schmerz<\/em>\u00ab an der Friedrich-Alexander-Univer\u00adsit\u00e4t Erlangen-N\u00fcrnberg. Gemeinsam mit Prof. Dr. J\u00fcrgen van Oorschot<\/p>\n<p>Seminar: \u00bbIdentit\u00e4tskonstruktionen im Alten Testament: Jakob\u00ab an der Friedrich-Alexander-Universit\u00e4t Erlangen-N\u00fcrnberg. Gemeinsam mit Prof. Dr. J\u00fcrgen van Oorschot<\/p>\n<p>SS 2007\u00a0\u00a0\u00a0\u00a0\u00a0\u00a0\u00a0\u00a0\u00a0\u00a0 Seminar: \u00bbZug\u00e4nge zum Menschen \u2013 Alttestamentliche Ph\u00e4nomene und ihre Wirkungsgeschichte: <em>Sch\u00f6nheit<\/em>\u00ab an der Friedrich-Alexander-Univer\u00adsit\u00e4t Erlangen-N\u00fcrnberg. Gemeinsam mit Prof. Dr. J\u00fcrgen van Oorschot<\/p>\n<p>Vorlesung: \u00bbKulturbuch Bibel \u2013 Eine Bibelkunde f\u00fcr Nichttheologen\u00ab an der Friedrich-Alexander-Universit\u00e4t Erlangen-N\u00fcrnberg. Gemeinsam mit Prof. Dr. J\u00fcrgen van Oorschot<\/p>\n<p>WS 2007\/08\u00a0\u00a0\u00a0 Seminar: \u00bbZug\u00e4nge zum Menschen \u2013 Alttestamentliche Ph\u00e4nomene und ihre Wirkungsgeschichte: <em>Tod und Sterben<\/em>\u00ab an der Friedrich-Alexander-Universit\u00e4t Erlangen-N\u00fcrnberg. Gemeinsam mit Prof. Dr. J\u00fcrgen van Oorschot<\/p>\n<p>Seminar: \u00bbReligion auf der Grundlage der Psychologie: ein Forschungs\u00adseminar zu Wundt, Dilthey, Lipsius und Pfleiderer\u00ab an der Friedrich-Alexander-Universit\u00e4t Erlangen-N\u00fcrnberg. Gemeinsam mit Prof. Dr. J\u00fcrgen van Oorschot und cand. prom. Markus Iff.<\/p>\n<p>SS 2008\u00a0\u00a0\u00a0\u00a0\u00a0\u00a0\u00a0\u00a0\u00a0\u00a0 Vorlesung: \u00bbMenschenbilder \u2013 Beitr\u00e4ge zur Historischen Anthropologie\u00ab an der Friedrich-Alexander-Universit\u00e4t Erlangen-N\u00fcrnberg. Gemeinsam mit Prof. Dr. J\u00fcrgen van Oorschot.<\/p>\n<p>WS 2008\/09\u00a0\u00a0\u00a0 Seminare: \u00bbReligionspsychologie I\u00ab (Grundkurs) und \u00bbReligionspsycho\u00adlogie II\u00ab (Aufbaukurs) an der Friedrich-Alexander-Universit\u00e4t Erlangen-N\u00fcrnberg.<\/p>\n<p>Seminar: \u00bbVom Umgang mit Fremden \u2013 Beitr\u00e4ge alttestamentlicher Wis\u00adsenschaft zur aktuellen kulturwissenschaftlichen Debatte\u00ab. Gemeinsam mit cand. Dipl.-Theol. Andrea Beyer.<\/p>\n<p>SS 2009\u00a0\u00a0\u00a0\u00a0\u00a0\u00a0\u00a0\u00a0\u00a0\u00a0 Seminar: \u00bbDas Buch Hiob \u2013 anthropologisch gelesen I\u00ab an der Friedrich-Alexander-Universit\u00e4t Erlangen-N\u00fcrnberg. Gemeinsam mit Prof. Dr. J\u00fcrgen van Oorschot<\/p>\n<p>WS 2009\/10\u00a0\u00a0\u00a0 Seminar: \u00bbDas Buch Hiob \u2013 anthropologisch gelesen II\u00ab an der Friedrich-Alexander-Universit\u00e4t Erlangen-N\u00fcrnberg. Gemeinsam mit Prof. Dr. J\u00fcrgen van Oorschot<\/p>\n<p>Empirisches Praktikum: \u00bbReligionspsychologie\u00ab an der Friedrich-Alexander-Universit\u00e4t Erlangen-N\u00fcrnberg.<\/p>\n<p>SS 2010\u00a0\u00a0\u00a0\u00a0\u00a0\u00a0\u00a0\u00a0\u00a0\u00a0 Mittelseminar: \u00bbDeuterojesaja 40-55\u00ab an der Friedrich-Alexander-Universit\u00e4t Erlangen-N\u00fcrnberg. Gemeinsam mit Prof. Dr. J\u00fcrgen van Oorschot.<\/p>\n<p>Vorlesung: \u00bbKulturbuch Bibel \u2013 Eine Bibelkunde f\u00fcr Nichttheologen\u00ab an der Friedrich-Alexander-Universit\u00e4t Erlangen-N\u00fcrnberg. Gemeinsam mit Prof. Dr. J\u00fcrgen van Oorschot.<\/p>\n<p>WS 2010\/11\u00a0\u00a0\u00a0 Seminar \u00bbHeiliges und Raum\u00ab an der Friedrich-Alexander-Universit\u00e4t Erlangen-N\u00fcrnberg und der Friedrich-Schiller-Universit\u00e4t Jena. Gemeinsam mit Prof. Dr. Corinna Dahlgr\u00fcn und Prof. Dr. J\u00fcrgen van Oorschot.<\/p>\n<p>Seminar \u00bbNormativit\u00e4t \u2013 Politische Ordnung \u2013 Religion\u00ab an der Friedrich-Alexander-Universit\u00e4t Erlangen-N\u00fcrnberg Gemeinsam mit Prof. Dr. Christoph Schumann, Prof. Dr. J\u00fcrgen van Oorschot, PD Dr. Hans-J\u00f6rg Sigwart.<\/p>\n<p>WS 2011\/12\u00a0\u00a0\u00a0 Hauptseminar \u00bbEinf\u00fchrung in die Religionspsychologie\u00ab an der Friedrich-Alexander-Universit\u00e4t Erlangen-N\u00fcrnberg. Gemeinsam mit Prof. Dr. Peter Bubmann.<\/p>\n<p>SS 2012\u00a0\u00a0\u00a0\u00a0\u00a0\u00a0\u00a0\u00a0\u00a0\u00a0 Hauptseminar \u00bbDie Urgeschichten (Gen 1-11) und ihre Wirkungsgeschichte im Judentum\u00ab an der Friedrich-Alexander-Universit\u00e4t Erlangen-N\u00fcrnberg. Gemeinsam mit Prof. Dr. J\u00fcrgen van Oorschot.<\/p>\n<p>WS 2012\/13\u00a0\u00a0\u00a0 Hauptseminar \u00bbEinf\u00fchrung in die Religionspsychologie\u00ab an der Friedrich-Alexander-Universit\u00e4t Erlangen-N\u00fcrnberg.<\/p>\n<p>WS 2013\/14\u00a0\u00a0\u00a0 Hauptseminar \u00bbN\u00e4f\u00e4sch oder die Seele im Alten Testament\u00ab an der Friedrich-Alexander-Universit\u00e4t Erlangen-N\u00fcrnberg. Gemeinsam mit Prof. Dr. J\u00fcrgen van Oorschot.<\/p>\n<p>WS 2014\/15\u00a0\u00a0\u00a0 Hauptseminar \u00bbEinf\u00fchrung in die Religionspsychologie\u00ab an der Friedrich-Alexander-Universit\u00e4t Erlangen-N\u00fcrnberg.<\/p>\n<p>SS 2016\u00a0\u00a0\u00a0\u00a0\u00a0\u00a0\u00a0\u00a0\u00a0 Hauptseminar \u00bbDas B\u00f6se in alttestamentlichen Literaturen\u00ab an der Friedrich-Alexander-Universit\u00e4t Erlangen-N\u00fcrnberg. Gemeinsam mit Prof. Dr. J\u00fcrgen van Oorschot.<\/p>\n<p>WS 2016\/17\u00a0\u00a0\u00a0 Hauptseminar \u00bbEinf\u00fchrung in die Religionspsychologie\u00ab an der Friedrich-Alexander-Universit\u00e4t Erlangen-N\u00fcrnberg.<\/p>\n<p>WS 2017\/18 \u00a0\u00a0 Hauptseminar \u00bbEinf\u00fchrung in die Religionspsychologie\u00ab an der Friedrich-Alexander-Universit\u00e4t Erlangen-N\u00fcrnberg.<\/p>\n<p>WS 2017\/18 \u00a0 \u00a0Hauptseminar \u00bbHermeneutik und Kritik(f\u00e4higkeit)\u00ab an der Friedrich-Alexander Universit\u00e4t Erlangen-N\u00fcrnberg<\/p>\n<p>SS 2018 \u00a0\u00a0\u00a0\u00a0\u00a0\u00a0\u00a0\u00a0 Hauptseminar \u00bbTod und Sterben im Alten Testament und im antiken Israel \u2013 zu Ph\u00e4nomen und Hermeneutik\u00ab an der Friedrich-Alexander-Universit\u00e4t Erlangen-N\u00fcrnberg. Gemeinsam mit Prof. Dr. J\u00fcrgen van Oorschot.<\/p>\n<p>WS 2018\/19\u00a0\u00a0\u00a0 Hauptseminar \u00bbZur Entstehung der modernen Psychiatrie und Psychologie\u00ab an der Friedrich-Alexander-Universit\u00e4t Erlangen-N\u00fcrnberg. Gemeinsam mit Dr. Nadine Metzger<\/p>\n<p>WS 2018\/19\u00a0\u00a0\u00a0 Hauptseminar \u00bbEinf\u00fchrung in die Religionspsychologie\u00ab an der Friedrich-Alexander-Universit\u00e4t Erlangen-N\u00fcrnberg.<\/p>\n<p>WS 2018\/19\u00a0\u00a0\u00a0 Hauptseminar \u00bbReligionspsychologie meets Religionswissenschaft\u00ab an der Friedrich-Alexander-Universit\u00e4t Erlangen-N\u00fcrnberg.<\/p>\n<p>SS 2019\u00a0\u00a0\u00a0\u00a0\u00a0\u00a0\u00a0\u00a0\u00a0 Hauptseminar \u00bbKrankheit, Tod und Sterben in den Religionen\u00ab an der Friedrich-Alexander-Universit\u00e4t Erlangen-N\u00fcrnberg.<\/p>\n<p>WS 2019\/20 \u00a0 \u00a0 \u00a0 \u00a0 Hauptseminar \u00bbSchulseelsorge\u00ab an der Friedrich-Alexander-Universit\u00e4t Erlangen-N\u00fcrnberg. Gemeinsam mit Ann-Sophie Markert.<\/p>\n<p>WS 2019\/20 \u00a0 \u00a0 \u00a0 \u00a0 Hauptseminar \u00bbEinf\u00fchrung in die Religionspsychologie\u00ab an der Friedrich-Alexander-Universit\u00e4t Erlangen-N\u00fcrnberg.<\/p>\n<p>WS 2019\/20 \u00a0 \u00a0 \u00a0 \u00a0 Hauptseminar \u00bbGibt es ein hebr\u00e4isches Denken?\u00ab an der Friedrich-Alexander-Universit\u00e4t Erlangen-N\u00fcrnberg. Gemeinsam mit J\u00fcrgen van Oorschot<\/p>\n<p>WS 2019\/20 \u00a0 \u00a0 \u00a0 \u00a0 Vorlesung: \u00bbKulturbuch Bibel \u2013 Eine Bibelkunde f\u00fcr Nichttheologen\u00ab an der Friedrich-Alexander-Universit\u00e4t Erlangen-N\u00fcrnberg. Gemeinsam mit Prof. Dr. J\u00fcrgen van Oorschot<\/p>\n<p>WS 2019\/20 \u00a0 \u00a0 \u00a0 \u00a0 Hauptseminar \u00bbLebenswelten des Alten Testaments\u00ab an der Friedrich-Alexander-Universit\u00e4t Erlangen-N\u00fcrnberg. Gemeinsam mit J\u00fcrgen van Oorschoot<\/p>\n<p style=\"font-weight: 400;\">SS 2020\u00a0\u00a0\u00a0\u00a0\u00a0\u00a0\u00a0\u00a0\u00a0 Perserzeitliche Prophetie \u2013 Jes 40-55. Gemeinsam mit J\u00fcrgen van Oorschot<\/p>\n<p style=\"font-weight: 400;\">WS 2020\/21\u00a0\u00a0\u00a0 Hauptseminar \u00bbEinf\u00fchrung in die Religionspsychologie\u00ab an der Friedrich-Alexander-Universit\u00e4t Erlangen-N\u00fcrnberg.<\/p>\n<p style=\"font-weight: 400;\">WS 2020\/21 \u00a0 \u00a0\u00dcbung \u00bbVom Sehen und Lesen \u2013 Aspektive und Perspektive in altorientalischen Bild-, Text- und Denkwelten\u00ab. Gemeinsam mit J\u00fcrgen van Oorschot<\/p>\n<p style=\"font-weight: 400;\">SS 2021\u00a0\u00a0\u00a0\u00a0\u00a0\u00a0\u00a0\u00a0\u00a0 Hauptseminar \u00bbBilder und Bilderverbot\u00ab. Gemeinsam mit J\u00fcrgen van Oorschot<\/p>\n<p style=\"font-weight: 400;\">WS 2021\/22\u00a0\u00a0\u00a0 Hauptseminar \u00bbEinf\u00fchrung in die Religionspsychologie\u00ab an der Friedrich-Alexander-Universit\u00e4t Erlangen-N\u00fcrnberg.<\/p>\n<p style=\"font-weight: 400;\">SS 2022\u00a0\u00a0\u00a0\u00a0\u00a0\u00a0\u00a0\u00a0\u00a0 Hauptseminar \u00bbMigration und Beheimatung\u00ab. Gemeinsam mit J\u00fcrgen van Oorschot<\/p>\n<h3>Lehrauftr\u00e4ge<\/h3>\n<p>SS 2017\u00a0\u00a0\u00a0\u00a0\u00a0\u00a0\u00a0\u00a0\u00a0 Lehrauftrag an der Universit\u00e4t Regensburg mit dem Hauptseminar \u00bbEinf\u00fchrung in die Religionspsychologie\u00ab.<\/p>\n<p>SS 2017\u00a0\u00a0\u00a0\u00a0\u00a0\u00a0\u00a0\u00a0\u00a0 Lehrauftrag an der Ruhr-Universit\u00e4t Bochum mit dem Hauptseminar \u00bbReligionspsychologie\u00ab.<\/p>\n<p>SS 2018\u00a0\u00a0\u00a0\u00a0\u00a0\u00a0\u00a0\u00a0\u00a0 Lehrauftrag an der Universit\u00e4t Regensburg mit dem Hauptseminar \u00bbReligionspsychologie meets Religionswissenschaft\u00ab.<\/p>\n<p>WS 2018\/19\u00a0\u00a0\u00a0 Lehrauftrag an der Universit\u00e4t Regensburg mit dem Hauptseminar \u00bbZwischen evangelisch und evangelikal \u2013 Lebensgestaltung, Identit\u00e4t, Glaube\u00ab. Gemeinsam mit Prof. Dr., Michael Fricke<\/p>\n<p>SS 2019\u00a0\u00a0\u00a0\u00a0\u00a0\u00a0\u00a0\u00a0\u00a0 Lehrauftrag an der Universit\u00e4t Regensburg mit dem Hauptseminar \u00bbReligionspsychologie meets Religionswissenschaft\u00ab.<\/p>\n<p>SS 2020\u00a0\u00a0\u00a0\u00a0\u00a0\u00a0\u00a0\u00a0\u00a0 Lehrauftrag an der Universit\u00e4t Regensburg mit dem Hauptseminar \u00bbReligionspsychologie meets Religionswissenschaft\u00ab.<\/p>\n<p>SS 2021 \u00a0 \u00a0 \u00a0 \u00a0 \u00a0Lehrauftrag an der Universit\u00e4t Regensburg mit dem Hauptseminar \u00bbReligionspsychologie meets Religionswissenschaft\u00ab.<\/p>\n<p>SS 2022 \u00a0 \u00a0 \u00a0 \u00a0 \u00a0Lehrauftrag an der Universit\u00e4t Regensburg mit dem Hauptseminar \u00bbReligionspsychologie meets Religionswissenschaft\u00ab.<\/p>\n<p style=\"font-weight: 400;\">SS 2023\u00a0\u00a0\u00a0\u00a0\u00a0\u00a0\u00a0\u00a0\u00a0 Lehrauftrag an der Universit\u00e4t Regensburg mit dem Hauptseminar \u00bbReligionspsychologie meets Religionswissenschaft\u00ab.<\/p>\n<p style=\"font-weight: 400;\">WS 2023\/24\u00a0\u00a0\u00a0 Lehrauftrag an der Sigmund Freud PrivatUniversit\u00e4t Berlin mit dem Lekt\u00fcreseminar: \u201eKlassische Texte der Psychologie\u201c<\/p>\n<p style=\"font-weight: 400;\">SS 2024\u00a0\u00a0\u00a0\u00a0\u00a0\u00a0\u00a0\u00a0\u00a0 Lehrauftrag an der Universit\u00e4t Regensburg mit dem Hauptseminar \u00bbReligionspsychologie meets Religionswissenschaft\u00ab.<\/p>\n<p style=\"font-weight: 400;\">WS 2024\/25\u00a0\u00a0\u00a0 Lehrauftrag an der Sigmund Freud PrivatUniversit\u00e4t Berlin mit der Vorlesung \u00bbAllgemeine Psychologie I\u00ab.<\/p>\n<p style=\"font-weight: 400;\">SS 2025\u00a0\u00a0\u00a0\u00a0\u00a0\u00a0\u00a0\u00a0\u00a0 Lehrauftrag an der Universit\u00e4t Regensburg mit dem Hauptseminar \u00bbReligionspsychologie meets Religionswissenschaft\u00ab.<\/p>\n<p style=\"font-weight: 400;\">SS 2025\u00a0\u00a0\u00a0\u00a0\u00a0\u00a0\u00a0\u00a0\u00a0 Lehrauftrag an der Sigmund Freud PrivatUniversit\u00e4t Berlin mit der Vorlesung \u00bbAllgemeine Psychologie II\u00ab.<\/p>\n<p style=\"font-weight: 400;\">SS 2025\u00a0\u00a0\u00a0\u00a0\u00a0\u00a0\u00a0\u00a0\u00a0 Lehrauftrag an der Sigmund Freud PrivatUniversit\u00e4t Wien mit der Vorlesung \u00bbAllgemeine Psychologie II\u00ab<\/p>\n<h3>Lehre im Rahmen von ErasmusPlus<\/h3>\n<p>4.-16. April 2016\u00a0\u00a0\u00a0\u00a0\u00a0\u00a0\u00a0Lehraufenthalt an der Universit\u00e4t Belgrad mit Unterrichtseinheiten zur Qualitativen Sozialforschung<\/p>\n<p>2.-8. April 2017 \u00a0 \u00a0 \u00a0 \u00a0\u00a0Lehraufenthalt an der Universit\u00e4t Belgrad mit Unterrichtseinheiten zur Qualitativen Sozialforschung<\/p>\n<p>13.-19. Mai 2018 \u00a0 \u00a0 \u00a0 Lehraufenthalt an der Universit\u00e4t Belgrad mit Unterrichtseinheiten zur Qualitativen Sozialforschung<\/p>\n<p>19.-25. Mai 2019 \u00a0 \u00a0 \u00a0Lehraufenthalt an der Universit\u00e4t Belgrad mit Unterrichtseinheiten zur Qualitativen Sozialforschung<\/p>\n<p>25.-28. November 2019 \u00a0 \u00a0 \u00a0Lehraufenthalt an der Universit\u00e4t Graz mit Unterrichtseinheiten zu Gender-Themen und zur Ressonanztheorie<\/p>\n<h3>Au\u00dferuniversit\u00e4re Lehre<\/h3>\n<p>Oktober 2000 \u00bbKulturen anderer L\u00e4nder \u2013 Nicht-Deutsche im Strafvollzug\u00ab, Aufbause\u00adminar an der Justizschule des Freistaates Sachsen, Au\u00dfenstelle Franken\u00adberg.<\/p>\n<p>Juni 2001\u00a0\u00a0\u00a0\u00a0\u00a0\u00a0\u00a0 \u00bbSexualit\u00e4t (k)ein Tabuthema. Umgang mit Sexualit\u00e4t im Strafvollzug\u00ab an der Justizschule des Freistaates Sachsen in Niederbobritzsch. Gemeinsam mit Dr. Ilse Nilshon.<\/p>\n<p>M\u00e4rz 2007\u00a0\u00a0\u00a0\u00a0\u00a0 \u00bbSexualit\u00e4t im Arzt-Patient-Verh\u00e4ltnis\u00ab im Aufbaumodul 3 des Fortbil\u00addungslehrgangs Palliativmedizin der Landes\u00e4rztekammer Th\u00fcringen in Erfurt. Gemeinsam mit Prof. Dr. J\u00fcrgen van Oorschot.<\/p>\n<p>Februar 2008\u00a0 \u00bbSexualit\u00e4t im Arzt-Patient-Verh\u00e4ltnis\u00ab im Aufbaumodul 3 des Fortbil\u00addungslehrgangs Palliativmedizin der Landes\u00e4rztekammer Th\u00fcringen in Erfurt. Gemeinsam mit Prof. Dr. J\u00fcrgen van Oorschot.<\/p>\n<p>Sept. 2008\u00a0\u00a0\u00a0\u00a0\u00a0 \u00bbKommunikation\u00ab im Basiscurriculum des Fortbildungslehrgangs Pallia\u00adtivmedizin der Landes\u00e4rztekammer Th\u00fcringen in Erfurt.<\/p>\n<p>M\u00e4rz 2009\u00a0\u00a0\u00a0\u00a0\u00a0 \u00bbSexualit\u00e4t im Arzt-Patient-Verh\u00e4ltnis\u00ab im Aufbaumodul 3 des Fortbil\u00addungslehrgangs Palliativmedizin der Landes\u00e4rztekammer Th\u00fcringen in Erfurt. Gemeinsam mit Prof. Dr. J\u00fcrgen van Oorschot.<\/p>\n<p>Juni 2009\u00a0\u00a0\u00a0\u00a0\u00a0\u00a0\u00a0 \u00bbGespr\u00e4chsf\u00fchrung\u00ab sowie \u00bbBurn Out und Self Care\u00ab im Aufbaumodul 2 des Fortbildungslehrgangs Palliativmedizin der Landes\u00e4rztekammer Th\u00fc\u00adringen in Erfurt.<\/p>\n<p>Sept. 2009\u00a0\u00a0\u00a0\u00a0\u00a0 \u00bbKommunikation\u00ab im Basiscurriculum des Fortbildungslehrgangs Pallia\u00adtivmedizin der Landes\u00e4rztekammer Th\u00fcringen in Erfurt.<\/p>\n<p>Februar 2010\u00a0 \u00bbSexualit\u00e4t im Arzt-Patient-Verh\u00e4ltnis\u00ab im Aufbaumodul 3 des Fortbil\u00addungslehrgangs Palliativmedizin der Landes\u00e4rztekammer Th\u00fcringen in Erfurt. Gemeinsam mit Prof. Dr. J\u00fcrgen van Oorschot.<\/p>\n<p>Mai 2010\u00a0\u00a0\u00a0\u00a0\u00a0\u00a0\u00a0 \u00bbGespr\u00e4chsf\u00fchrung\u00ab sowie \u00bbBurn Out und Self Care\u00ab im Aufbaumodul 2 des Fortbildungslehrgangs Palliativmedizin der Landes\u00e4rztekammer Th\u00fc\u00adringen in Erfurt.<\/p>\n<p>Sept. 2010\u00a0\u00a0\u00a0\u00a0\u00a0 \u00bbKommunikation\u00ab im Basiscurriculum des Fortbildungslehrgangs Pallia\u00adtivmedizin der Landes\u00e4rztekammer Th\u00fcringen in Erfurt.<\/p>\n<p>Nov. 2010\u00a0\u00a0\u00a0\u00a0\u00a0\u00a0 \u00bbUmgang mit schwierigen Situationen\u00ab im Aufbaumodul 2 des Fortbil\u00addungslehrgangs Palliativmedizin der Landes\u00e4rztekammer Th\u00fcringen in Erfurt.<\/p>\n<p>Feb. 2011\u00a0\u00a0\u00a0\u00a0\u00a0\u00a0\u00a0 \u00bbSexualit\u00e4t im Arzt-Patient-Verh\u00e4ltnis\u00ab im Aufbaumodul 3 des Fortbil\u00addungslehrgangs Palliativmedizin der Landes\u00e4rztekammer Th\u00fcringen in Erfurt. Gemeinsam mit Prof. Dr. J\u00fcrgen van Oorschot.<\/p>\n<p>Mai 2011\u00a0\u00a0\u00a0\u00a0\u00a0\u00a0\u00a0 \u00bbGespr\u00e4chsf\u00fchrung\u00ab sowie \u00bbBurn Out und Self Care\u00ab im Aufbaumodul 2 des Fortbildungslehrgangs Palliativmedizin der Landes\u00e4rztekammer Th\u00fc\u00adringen in Erfurt.<\/p>\n<p>Sept. 2011\u00a0\u00a0\u00a0\u00a0\u00a0 \u00bbKommunikation\u00ab im Basiscurriculum des Fortbildungslehrgangs Pallia\u00adtivmedizin der Landes\u00e4rztekammer Th\u00fcringen in Erfurt.<\/p>\n<p>&nbsp;<\/p>\n<p>Seither regelm\u00e4\u00dfig diese 4 Veranstaltungen pro Jahr im Fortbildungslehrgang Pallia\u00adtivmedizin der Landes\u00e4rztekammer Th\u00fcringen in Erfurt.<\/p>\n","protected":false},"excerpt":{"rendered":"<p>Vorstellungen zur Lehrt\u00e4tigkeit und Lehrverzeichnis &nbsp; Die von mir vertretene universit\u00e4re Lehre ist neben der Vermittlung von theoretischem Wissen und der Erarbeitung neuer Wissensinhalte durch einen starken Bezug zur Lebens- und Arbeitspraxis gepr\u00e4gt. Ich sehe es f\u00fcr mich als pers\u00f6nliche Herausforderung an, Pro\u00adblembereiche so zu thematisieren und zu bearbeiten, dass sie f\u00fcr die Studierenden mit &hellip; <a href=\"https:\/\/naecke.de\/?page_id=17\" class=\"more-link\"><span class=\"screen-reader-text\">\u201eLehre\u201c <\/span>weiterlesen<\/a><\/p>\n","protected":false},"author":1,"featured_media":0,"parent":2,"menu_order":0,"comment_status":"closed","ping_status":"closed","template":"","meta":{"footnotes":""},"class_list":["post-17","page","type-page","status-publish","hentry"],"_links":{"self":[{"href":"https:\/\/naecke.de\/index.php?rest_route=\/wp\/v2\/pages\/17","targetHints":{"allow":["GET"]}}],"collection":[{"href":"https:\/\/naecke.de\/index.php?rest_route=\/wp\/v2\/pages"}],"about":[{"href":"https:\/\/naecke.de\/index.php?rest_route=\/wp\/v2\/types\/page"}],"author":[{"embeddable":true,"href":"https:\/\/naecke.de\/index.php?rest_route=\/wp\/v2\/users\/1"}],"replies":[{"embeddable":true,"href":"https:\/\/naecke.de\/index.php?rest_route=%2Fwp%2Fv2%2Fcomments&post=17"}],"version-history":[{"count":5,"href":"https:\/\/naecke.de\/index.php?rest_route=\/wp\/v2\/pages\/17\/revisions"}],"predecessor-version":[{"id":217,"href":"https:\/\/naecke.de\/index.php?rest_route=\/wp\/v2\/pages\/17\/revisions\/217"}],"up":[{"embeddable":true,"href":"https:\/\/naecke.de\/index.php?rest_route=\/wp\/v2\/pages\/2"}],"wp:attachment":[{"href":"https:\/\/naecke.de\/index.php?rest_route=%2Fwp%2Fv2%2Fmedia&parent=17"}],"curies":[{"name":"wp","href":"https:\/\/api.w.org\/{rel}","templated":true}]}}